{"id":3353,"date":"2024-06-24T19:16:30","date_gmt":"2024-06-24T22:16:30","guid":{"rendered":"https:\/\/cfpc-am.com.br\/?page_id=3353"},"modified":"2026-03-09T21:34:16","modified_gmt":"2026-03-10T00:34:16","slug":"reforco-matematica-ensino-medio","status":"publish","type":"page","link":"https:\/\/cfpc-am.com.br\/index.php\/reforco-matematica-ensino-medio\/","title":{"rendered":"Refor\u00e7o Matem\u00e1tica \u2013 Ensino M\u00e9dio"},"content":{"rendered":"\n<p>&nbsp;<\/p>\n\n\n\n<p><strong>Refor\u00e7o<\/strong><\/p>\n\n\n\n<h1 class=\"wp-block-heading\"><strong><mark style=\"background-color: rgba(0, 0, 0, 0);\" class=\"has-inline-color has-cyan-bluish-gray-color\"><span style=\"vertical-align: inherit;\"><span style=\"vertical-align: inherit;\">Educa\u00e7\u00e3o<\/span><\/span><\/mark><\/strong><\/h1>\n\n\n\n<p>&nbsp;<\/p>\n\n\n<figure class=\"wp-block-image alignwide size-full\"><img loading=\"lazy\" decoding=\"async\" class=\"alignnone size-medium wp-image-3364\" src=\"https:\/\/cfpc-am.com.br\/wp-content\/uploads\/2024\/06\/Matematica-300x142.png\" alt=\"\" width=\"300\" height=\"142\" srcset=\"https:\/\/cfpc-am.com.br\/wp-content\/uploads\/2024\/06\/Matematica-300x142.png 300w, https:\/\/cfpc-am.com.br\/wp-content\/uploads\/2024\/06\/Matematica-1024x485.png 1024w, https:\/\/cfpc-am.com.br\/wp-content\/uploads\/2024\/06\/Matematica-768x364.png 768w, https:\/\/cfpc-am.com.br\/wp-content\/uploads\/2024\/06\/Matematica-1536x727.png 1536w, https:\/\/cfpc-am.com.br\/wp-content\/uploads\/2024\/06\/Matematica.png 1633w\" sizes=\"auto, (max-width: 300px) 100vw, 300px\" \/><\/figure>\n\n\n<div class=\"wp-block-columns alignwide are-vertically-aligned-center is-layout-flex wp-container-core-columns-is-layout-9d6595d7 wp-block-columns-is-layout-flex\">\n<div class=\"wp-block-column is-vertically-aligned-center is-layout-flow wp-block-column-is-layout-flow\">\n<p style=\"line-height:2\"><strong><span style=\"vertical-align: inherit;\"><span style=\"vertical-align: inherit;\">Curso Curta Dura\u00e7\u00e3o:<\/span><\/span><br><\/strong><span style=\"vertical-align: inherit;\"><span style=\"vertical-align: inherit;\">Refor\u00e7o Matem\u00e1tica<\/span><\/span><\/p>\n<\/div>\n\n\n\n<div class=\"wp-block-column is-vertically-aligned-center is-layout-flow wp-block-column-is-layout-flow\">\n<p style=\"line-height:2\"><strong><span style=\"vertical-align: inherit;\"><span style=\"vertical-align: inherit;\">Modalidade:<\/span><\/span><\/strong><br><span style=\"vertical-align: inherit;\"><span style=\"vertical-align: inherit;\">Presencial<\/span><\/span><\/p>\n<\/div>\n\n\n\n<div class=\"wp-block-column is-vertically-aligned-center is-layout-flow wp-block-column-is-layout-flow\">\n<div class=\"wp-block-buttons is-layout-flex wp-block-buttons-is-layout-flex\">\n<div class=\"wp-block-button has-custom-width wp-block-button__width-100\"><a class=\"wp-block-button__link has-text-color has-background wp-element-button\" style=\"color:#efefef;background-color:#262626\"><strong><span style=\"vertical-align: inherit;\"><span style=\"vertical-align: inherit;\">Dura\u00e7\u00e3o:<\/span><\/span><\/strong><span style=\"vertical-align: inherit;\"> <\/span><span style=\"vertical-align: inherit;\"><span style=\"vertical-align: inherit;\"><\/span><\/span>40 dias<\/a><\/div>\n<\/div>\n<\/div>\n<\/div>\n\n\n\n<div class=\"wp-block-group alignfull has-background\" style=\"background-color:#f2f0e9\"><div class=\"wp-block-group__inner-container is-layout-flow wp-block-group-is-layout-flow\">\n<div class=\"wp-block-spacer\" style=\"height: 70px;\" aria-hidden=\"true\">\u00a0<\/div>\n\n\n\n<div class=\"wp-block-columns alignwide are-vertically-aligned-center is-layout-flex wp-container-core-columns-is-layout-9d6595d7 wp-block-columns-is-layout-flex\">\n<div class=\"wp-block-column is-layout-flow wp-block-column-is-layout-flow\" style=\"flex-basis:50%\">\n<p class=\"has-text-color\" style=\"color:#000000;font-size:30px;line-height:1.1\"><strong><span style=\"vertical-align: inherit;\"><span style=\"vertical-align: inherit;\">Matem\u00e1tica<\/span><\/span><\/strong><\/p>\n<\/div>\n\n\n\n<div class=\"wp-block-column is-layout-flow wp-block-column-is-layout-flow\" style=\"flex-basis:50%\">\n<hr class=\"wp-block-separator has-text-color has-css-opacity has-background is-style-wide\" style=\"background-color:#000000;color:#000000\"\/>\n<\/div>\n<\/div>\n<\/div><\/div>\n\n\n\n<figure class=\"wp-block-table is-style-stripes\"><table><tbody><tr><td><strong><span style=\"vertical-align: inherit;\"><span style=\"vertical-align: inherit;\">Inscri\u00e7\u00f5es Abertas<\/span><\/span><\/strong><\/td><\/tr><tr><td><span style=\"vertical-align: inherit;\"><span style=\"vertical-align: inherit;\">O Centro de Forma\u00e7\u00e3o Profissional de Comunica\u00e7\u00e3o &#8211; CFPC est\u00e1 com as inscri\u00e7\u00f5es abertas para aulas de refor\u00e7o de matem\u00e1tica. 3\u00ba ano do ensino m\u00e9dio. In\u00edcio das aulas, dia 10 de julho.<\/span><\/span><br><br><span style=\"vertical-align: inherit;\"><span style=\"vertical-align: inherit;\">Com carga hor\u00e1ria de 40 horas, o curso tem dura\u00e7\u00e3o de 10 dias, sendo oferecido na modalidade presencial, nos hor\u00e1rios da manh\u00e3 e tarde. Valor R$ 450,00.<\/span><\/span><\/td><\/tr><\/tbody><\/table><\/figure>\n\n\n\n<p>&nbsp;<\/p>\n\n\n\n<figure class=\"wp-block-table is-style-stripes\"><table><tbody><tr><td><strong><span style=\"vertical-align: inherit;\"><span style=\"vertical-align: inherit;\">Perfil Profissional<\/span><\/span><\/strong><\/td><\/tr><tr><td>Conhecimentos interdisciplinares relacionados aos processos de cria\u00e7\u00e3o, envolvendo pesquisa, idealiza\u00e7\u00e3o, planejamento, execu\u00e7\u00e3o t\u00e9cnica, frui\u00e7\u00e3o e recep\u00e7\u00e3o est\u00e9tica.<br><br><span style=\"vertical-align: inherit;\"><span style=\"vertical-align: inherit;\">Compet\u00eancias comunicativas e empreendedoras voltadas \u00e0 proposi\u00e7\u00e3o de projetos, ao coletivo, \u00e0 gest\u00e3o, \u00e0 solu\u00e7\u00e3o de problemas e \u00e0 resili\u00eancia, entre outras compet\u00eancias socioemocionais.<\/span><\/span><\/td><\/tr><\/tbody><\/table><\/figure>\n\n\n\n<p>&nbsp;<\/p>\n\n\n\n<figure class=\"wp-block-table is-style-stripes\"><table><tbody><tr><td><strong><span style=\"vertical-align: inherit;\"><span style=\"vertical-align: inherit;\">Conte\u00fado<\/span><\/span><\/strong><\/td><\/tr><tr><td>N\u00famero e \u00c1lgebra: Matrizes, Determinantes, Equa\u00e7\u00f5es Lineares, Sistemas Lineares, Geometria e Medidas: Pol\u00edgono regular, Per\u00edmetro e \u00c1rea, Grandezas, Raz\u00e3o, Coeficiente angular da reta, Geometria espacial, Medida do volume de prismas, pir\u00e2mides, cilindros e cones, Princ\u00edpio de Cavalieri, Transforma\u00e7\u00f5es isom\u00e9tricas, Transforma\u00e7\u00f5es homot\u00e9tica, Probabilidade e Estat\u00edstica: Tabelas e gr\u00e1ficos, Princ\u00edpio Fundamental da Contagem, Espa\u00e7o amostral de eventos aleat\u00f3rios, C\u00e1lculo de probabilidade, C\u00e1lculo de Probabilidade, Eventos Aleat\u00f3rio e C\u00e1lculo de Probabilidade \u2026<\/td><\/tr><\/tbody><\/table><\/figure>\n\n\n\n<p>&nbsp;<\/p>\n\n\n\n<figure class=\"wp-block-table is-style-stripes\"><table><tbody><tr><td><strong><span style=\"vertical-align: inherit;\"><span style=\"vertical-align: inherit;\">Locais e Ambientes de Trabalho<\/span><\/span><\/strong><\/td><\/tr><tr><td><span style=\"vertical-align: inherit;\"><span style=\"vertical-align: inherit;\">Empresas em geral<\/span><\/span><\/td><\/tr><\/tbody><\/table><\/figure>\n\n\n\n<div class=\"wp-block-columns is-layout-flex wp-container-core-columns-is-layout-9d6595d7 wp-block-columns-is-layout-flex\">\n<div class=\"wp-block-column is-layout-flow wp-block-column-is-layout-flow\">\n<p style=\"font-size:18px\">&nbsp;<\/p>\n\n\n\n<figure class=\"wp-block-table is-style-stripes\"><table><tbody><tr><td><strong><span style=\"vertical-align: inherit;\"><span style=\"vertical-align: inherit;\">Sobre o curso<\/span><\/span><\/strong><\/td><td>&nbsp;<\/td><\/tr><tr><td><strong><span style=\"vertical-align: inherit;\"><span style=\"vertical-align: inherit;\">*<\/span><\/span><\/strong> <strong><span style=\"vertical-align: inherit;\"><span style=\"vertical-align: inherit;\">Curso Curta Dura\u00e7\u00e3o:<\/span><\/span><\/strong><span style=\"vertical-align: inherit;\"><span style=\"vertical-align: inherit;\"><\/span><\/span>Refor\u00e7o Matem\u00e1tica<br><strong><span style=\"vertical-align: inherit;\"><span style=\"vertical-align: inherit;\">*<\/span><\/span><\/strong> <strong><span style=\"vertical-align: inherit;\"><span style=\"vertical-align: inherit;\">Carga-Hor\u00e1ria:<\/span><\/span><\/strong><span style=\"vertical-align: inherit;\"><span style=\"vertical-align: inherit;\">40 <\/span><\/span><span style=\"vertical-align: inherit;\"><span style=\"vertical-align: inherit;\">horas<\/span><\/span><br><strong><span style=\"vertical-align: inherit;\"><span style=\"vertical-align: inherit;\">* Turmas:<\/span><\/span><\/strong><span style=\"vertical-align: inherit;\"><span style=\"vertical-align: inherit;\">Segunda \u00e0 sexta<\/span><\/span><br><strong><span style=\"vertical-align: inherit;\"><span style=\"vertical-align: inherit;\">* Aulas:<\/span><\/span><\/strong><span style=\"vertical-align: inherit;\"><span style=\"vertical-align: inherit;\"> <\/span><\/span><span style=\"vertical-align: inherit;\"><span style=\"vertical-align: inherit;\">4<\/span><\/span><span style=\"vertical-align: inherit;\"><span style=\"vertical-align: inherit;\"> horas\/dia<\/span><\/span><br><strong><span style=\"vertical-align: inherit;\"><span style=\"vertical-align: inherit;\">* Certifica\u00e7\u00e3o:<\/span><\/span><\/strong><span style=\"vertical-align: inherit;\"><span style=\"vertical-align: inherit;\"> Sim<\/span><\/span><br><strong><span style=\"vertical-align: inherit;\"><span style=\"vertical-align: inherit;\">* Inscri\u00e7\u00f5es:<\/span><\/span><\/strong><span style=\"vertical-align: inherit;\"><span style=\"vertical-align: inherit;\">Abertas<\/span><\/span><\/td><td><strong>*<\/strong>\u00a0<strong>Educa\u00e7\u00e3o:<\/strong>\u00a03\u00ba Ano Ensino M\u00e9dio<br><strong>*<\/strong>\u00a0<strong>Dura\u00e7\u00e3o:<\/strong>\u00a010 dias<br><strong>*<\/strong>\u00a0<strong>Turnos:<\/strong>\u00a0Manh\u00e3 ou tarde<br><strong>*<\/strong>\u00a0<strong>Hor\u00e1rios:<\/strong>\u00a008h \u00e0s 10h, 14h \u00e0s 16h<br><strong>* Modalidade:<\/strong>\u00a0Presencial<br><strong>* Valor:<\/strong>\u00a0R$ 450,00<\/td><\/tr><\/tbody><\/table><\/figure>\n<\/div>\n<\/div>\n\n\n\n<figure class=\"wp-block-table is-style-stripes\"><table><tbody><tr><td><strong><span style=\"vertical-align: inherit;\"><span style=\"vertical-align: inherit;\">Pr\u00e9-Inscri\u00e7\u00e3o<\/span><\/span><\/strong><\/td><\/tr><tr><td><span style=\"vertical-align: inherit;\"><span style=\"vertical-align: inherit;\">Preencha o formul\u00e1rio abaixo e clique em enviar. Nossa equipe entrar\u00e1 em contato.<\/span><\/span><\/td><\/tr><\/tbody><\/table><\/figure>\n\n\n<div class=\"wpforms-container wpforms-container-full\" id=\"wpforms-3358\"><form id=\"wpforms-form-3358\" class=\"wpforms-validate wpforms-form\" data-formid=\"3358\" method=\"post\" enctype=\"multipart\/form-data\" action=\"\/index.php\/wp-json\/wp\/v2\/pages\/3353\"><noscript class=\"wpforms-error-noscript\">Ative o JavaScript no seu navegador para preencher este formul\u00e1rio.<\/noscript><div class=\"wpforms-field-container\"><div id=\"wpforms-3358-field_8-container\" class=\"wpforms-field wpforms-field-select\" data-field-id=\"8\"><label class=\"wpforms-field-label\" for=\"wpforms-3358-field_8\">Escolha o Curso:<\/label><select id=\"wpforms-3358-field_8\" class=\"wpforms-field-medium\" name=\"wpforms[fields][8]\"><option value=\"---Nenhum\" >---Nenhum<\/option><option value=\"Refor\u00e7o Matem\u00e1tica, 120h. R$ 100,00 Mensal\" >Refor\u00e7o Matem\u00e1tica, 120h. R$ 100,00 Mensal<\/option><\/select><\/div><div id=\"wpforms-3358-field_0-container\" class=\"wpforms-field wpforms-field-name\" data-field-id=\"0\"><label class=\"wpforms-field-label\" for=\"wpforms-3358-field_0\">Nome: <span class=\"wpforms-required-label\">*<\/span><\/label><div class=\"wpforms-field-row wpforms-field-medium\"><div class=\"wpforms-field-row-block wpforms-first wpforms-one-half\"><input type=\"text\" id=\"wpforms-3358-field_0\" class=\"wpforms-field-name-first wpforms-field-required\" name=\"wpforms[fields][0][first]\" placeholder=\"Nome\" required><label for=\"wpforms-3358-field_0\" class=\"wpforms-field-sublabel after wpforms-sublabel-hide\">Nome<\/label><\/div><div class=\"wpforms-field-row-block wpforms-one-half\"><input type=\"text\" id=\"wpforms-3358-field_0-last\" class=\"wpforms-field-name-last wpforms-field-required\" name=\"wpforms[fields][0][last]\" placeholder=\"Sobrenome\" required><label for=\"wpforms-3358-field_0-last\" class=\"wpforms-field-sublabel after wpforms-sublabel-hide\">Sobrenome<\/label><\/div><\/div><\/div><div id=\"wpforms-3358-field_4-container\" class=\"wpforms-field wpforms-field-number\" data-field-id=\"4\"><label class=\"wpforms-field-label\" for=\"wpforms-3358-field_4\">Telefone:<\/label><input type=\"number\" pattern=\"\\d*\" id=\"wpforms-3358-field_4\" class=\"wpforms-field-medium\" name=\"wpforms[fields][4]\" ><\/div><div id=\"wpforms-3358-field_1-container\" class=\"wpforms-field wpforms-field-email\" data-field-id=\"1\"><label class=\"wpforms-field-label\" for=\"wpforms-3358-field_1\">E-mail: <span class=\"wpforms-required-label\">*<\/span><\/label><input type=\"email\" id=\"wpforms-3358-field_1\" class=\"wpforms-field-medium wpforms-field-required\" name=\"wpforms[fields][1]\" required><\/div><div id=\"wpforms-3358-field_7-container\" class=\"wpforms-field wpforms-field-radio\" data-field-id=\"7\"><label class=\"wpforms-field-label\" for=\"wpforms-3358-field_7\">Forma\u00e7\u00e3o:<\/label><ul id=\"wpforms-3358-field_7\"><li class=\"choice-2 depth-1\"><input type=\"radio\" id=\"wpforms-3358-field_7_2\" name=\"wpforms[fields][7]\" value=\"M\u00e9dio\"  ><label class=\"wpforms-field-label-inline\" for=\"wpforms-3358-field_7_2\">M\u00e9dio<\/label><\/li><\/ul><\/div><div id=\"wpforms-3358-field_11-container\" class=\"wpforms-field wpforms-field-checkbox\" data-field-id=\"11\"><label class=\"wpforms-field-label\" for=\"wpforms-3358-field_11\">Hor\u00e1rio:<\/label><ul id=\"wpforms-3358-field_11\"><li class=\"choice-1 depth-1\"><input type=\"checkbox\" id=\"wpforms-3358-field_11_1\" name=\"wpforms[fields][11][]\" value=\"Manh\u00e3\"  ><label class=\"wpforms-field-label-inline\" for=\"wpforms-3358-field_11_1\">Manh\u00e3<\/label><\/li><li class=\"choice-2 depth-1\"><input type=\"checkbox\" id=\"wpforms-3358-field_11_2\" name=\"wpforms[fields][11][]\" value=\"Tarde\"  ><label class=\"wpforms-field-label-inline\" for=\"wpforms-3358-field_11_2\">Tarde<\/label><\/li><\/ul><\/div><div id=\"wpforms-3358-field_10-container\" class=\"wpforms-field wpforms-field-checkbox\" data-field-id=\"10\"><label class=\"wpforms-field-label\" for=\"wpforms-3358-field_10\">Turmas:<\/label><ul id=\"wpforms-3358-field_10\"><li class=\"choice-1 depth-1\"><input type=\"checkbox\" id=\"wpforms-3358-field_10_1\" name=\"wpforms[fields][10][]\" value=\"Segunda \u00e0 Sexta\"  ><label class=\"wpforms-field-label-inline\" for=\"wpforms-3358-field_10_1\">Segunda \u00e0 Sexta<\/label><\/li><\/ul><\/div><div id=\"wpforms-3358-field_13-container\" class=\"wpforms-field wpforms-field-textarea\" data-field-id=\"13\"><label class=\"wpforms-field-label\" for=\"wpforms-3358-field_13\">D\u00favidas, Coment\u00e1rios, Sugest\u00f5es de Cursos:<\/label><textarea id=\"wpforms-3358-field_13\" class=\"wpforms-field-medium\" name=\"wpforms[fields][13]\" ><\/textarea><\/div><\/div><div class=\"wpforms-submit-container\" ><input type=\"hidden\" name=\"wpforms[id]\" value=\"3358\"><input type=\"hidden\" name=\"wpforms[author]\" value=\"3\"><button type=\"submit\" name=\"wpforms[submit]\" class=\"wpforms-submit \" id=\"wpforms-submit-3358\" value=\"wpforms-submit\" aria-live=\"assertive\" >Enviar<\/button><\/div><\/form><\/div>  <!-- .wpforms-container -->","protected":false},"excerpt":{"rendered":"<p>&nbsp; Refor\u00e7o Educa\u00e7\u00e3o &nbsp; Curso Curta Dura\u00e7\u00e3o:Refor\u00e7o Matem\u00e1tica Modalidade:Presencial \u00a0 Matem\u00e1tica Inscri\u00e7\u00f5es Abertas O Centro de Forma\u00e7\u00e3o Profissional de Comunica\u00e7\u00e3o &#8211; CFPC est\u00e1 com as inscri\u00e7\u00f5es abertas para aulas de refor\u00e7o de matem\u00e1tica. 3\u00ba ano do ensino m\u00e9dio. In\u00edcio das aulas, dia 10 de julho. Com carga hor\u00e1ria de 40 horas, o curso tem dura\u00e7\u00e3o [&hellip;]<\/p>\n","protected":false},"author":3,"featured_media":0,"parent":0,"menu_order":0,"comment_status":"closed","ping_status":"closed","template":"","meta":{"footnotes":""},"class_list":["post-3353","page","type-page","status-publish","hentry"],"_links":{"self":[{"href":"https:\/\/cfpc-am.com.br\/index.php\/wp-json\/wp\/v2\/pages\/3353","targetHints":{"allow":["GET"]}}],"collection":[{"href":"https:\/\/cfpc-am.com.br\/index.php\/wp-json\/wp\/v2\/pages"}],"about":[{"href":"https:\/\/cfpc-am.com.br\/index.php\/wp-json\/wp\/v2\/types\/page"}],"author":[{"embeddable":true,"href":"https:\/\/cfpc-am.com.br\/index.php\/wp-json\/wp\/v2\/users\/3"}],"replies":[{"embeddable":true,"href":"https:\/\/cfpc-am.com.br\/index.php\/wp-json\/wp\/v2\/comments?post=3353"}],"version-history":[{"count":19,"href":"https:\/\/cfpc-am.com.br\/index.php\/wp-json\/wp\/v2\/pages\/3353\/revisions"}],"predecessor-version":[{"id":6400,"href":"https:\/\/cfpc-am.com.br\/index.php\/wp-json\/wp\/v2\/pages\/3353\/revisions\/6400"}],"wp:attachment":[{"href":"https:\/\/cfpc-am.com.br\/index.php\/wp-json\/wp\/v2\/media?parent=3353"}],"curies":[{"name":"wp","href":"https:\/\/api.w.org\/{rel}","templated":true}]}}